{"id":1001,"date":"2016-12-25T05:39:41","date_gmt":"2016-12-25T05:39:41","guid":{"rendered":"http:\/\/spiritual.premiumthemes.in\/?page_id=1001"},"modified":"2026-04-13T06:45:06","modified_gmt":"2026-04-13T06:45:06","slug":"home","status":"publish","type":"page","link":"https:\/\/pmbc.legnica.pl\/","title":{"rendered":"Home"},"content":{"rendered":"[vc_row][vc_column width=&#8221;2\/3&#8243;]<div   >\n\t\t\t\t\t\t<div class=\"swm_services_icons swm_responsive_services swm_services_item_left\" data-responsive=\"767\" data-margin=\"20\" >\n\t\t\t\t\t\t\t\t<div class=\"swm_services_item_holder swm_services_icon_medium\" style=\"margin-right:20px;\">\n\t\t\t\t\t\t\t\t<span style=\"border:1px solid #e55757; border-radius:0; background:#ffffff;\">\n\t\t\t\t\t\t\t\t\t<i class=\"fa fa-info\" style=\"color:#727272; margin-top:-1px;\"><\/i>\n\t\t\t\t\t\t\t\t<\/span>\n\t\t\t\t\t\t\t<\/div>\n\t\t\t\t\t\t\t<div class=\"swm_services_icon_content\">\n\t\t\t\t\t\t\t\t<h5 style=\"font-size:18px; color:#dd3333;margin-bottom:10px;\">Og\u0142oszenia duszpasterskie<\/h5>\n\t\t\t\t\t\t\t\t<strong>OG\u0141OSZENIA DUSZPASTERSKIE 12.04.2025<\/strong><\/p>\n<ul>\n<li>Jeszcze dzi\u015b Nabo\u017ce\u0144stwo Zawierzenia Parafii Bo\u017cemu Mi\u0142osierdziu: o godz. 15:00.<\/li>\n<li>Nabo\u017ce\u0144stwo do Bo\u017cego Mi\u0142osierdzia: we wtorek o godz. 17:30.<\/li>\n<li>Msza \u015bw. z nowenn\u0105 do MBNP w \u015brod\u0119 o godz. 18:00. Po Mszy \u015bw. zapraszamy na Adoracj\u0119 Uwielbienia z modlitw\u0105 o uzdrowienie.<\/li>\n<li>Czwartkowa Adoracja Naj\u015bwi\u0119tszego Sakramentu: od godz. 18:30.<\/li>\n<li>Spotkanie biblijne, na kt\u00f3rym rozwa\u017camy <em>Dzieje Apostolskie <\/em>w pi\u0105tek o godz. 19:00.<\/li>\n<li>Spotkanie dla rodzic\u00f3w przygotowuj\u0105cych dzieci do Pierwszej Komunii \u015bw. w nast\u0119pn\u0105 niedziel\u0119 po Mszy \u015bw. o godz. 11:30.<\/li>\n<li>Zapowiedzi przedma\u0142\u017ce\u0144skie: Wieczorek Aleksandra i Piotr Stopyra, zam. w Legnicy.<\/li>\n<\/ul>\n<p><em>Za wszelk\u0105 \u017cyczliwo\u015b\u0107, modlitwy i ofiary sk\u0142adamy serdeczne B\u00f3g Zap\u0142a\u0107.<\/em><\/p>\n<p><em>Niech Pan Obdarzy Was Pokojem!<\/em><\/p>\n<p>&nbsp;\n\t\t\t\t\t\t\t\t<\/div>\n\t\t\t\t\t\t\t<div class=\"clear\"><\/div>\n\t\t\t\t\t\t<\/div>\n\t\t\t\t\t\t<div class=\"clear\"><\/div>\n\t\t\t\t\t<\/div><div   >\n\t\t\t\t\t\t<div class=\"swm_services_icons swm_responsive_services swm_services_item_left\" data-responsive=\"767\" data-margin=\"20\" >\n\t\t\t\t\t\t\t\t<div class=\"swm_services_item_holder swm_services_icon_medium\" style=\"margin-right:20px;\">\n\t\t\t\t\t\t\t\t<span style=\"border:1px solid #e55757; border-radius:0; background:#ffffff;\">\n\t\t\t\t\t\t\t\t\t<i class=\"fa fa-info\" style=\"color:#727272; margin-top:-1px;\"><\/i>\n\t\t\t\t\t\t\t\t<\/span>\n\t\t\t\t\t\t\t<\/div>\n\t\t\t\t\t\t\t<div class=\"swm_services_icon_content\">\n\t\t\t\t\t\t\t\t<h5 style=\"font-size:18px; color:#dd3333;margin-bottom:10px;\">List do Parafian<\/h5>\n\t\t\t\t\t\t\t\tList do Parafian -&gt;<a href=\"http:\/\/pmbc.legnica.pl\/wp-content\/uploads\/2026\/04\/1204.pdf\">12.04.2026<\/a>\n\t\t\t\t\t\t\t\t<\/div>\n\t\t\t\t\t\t\t<div class=\"clear\"><\/div>\n\t\t\t\t\t\t<\/div>\n\t\t\t\t\t\t<div class=\"clear\"><\/div>\n\t\t\t\t\t<\/div>[\/vc_column][vc_column css_animation=&#8221;bounceIn&#8221; width=&#8221;1\/3&#8243;]<div   ><div class=\"swm_dot_heading dot_h_left\" style=\"margin-bottom:30px;\"><div class=\"heading_text\" style=\"font-size:17px;\"><strong>NAJWA\u017bNIEJSZE <span style=\"color: #da5455;\">INFORMACJE<\/span><\/strong><\/div><\/div><\/div><div   ><div class=\"swm_toggle_accordion_container\" data-id=\"open\"><div data-id=\"closed\" class=\"toggle_box_accordion\"><span class=\"toggle_box_title_accordion\"><span class=\"title_icon\"><i class=\"fa fa-comments\"><\/i><\/span><span class=\"title_text \">Msze \u015bwi\u0119te<i class=\"fa fa-plus-square-o openclose\"><\/i><i class=\"fa fa-minus-square-o openclose\"><\/i><\/span><\/span><div class=\"toggle_box_inner\"><img loading=\"lazy\" decoding=\"async\" class=\"size-medium wp-image-1550 alignnone\" src=\"http:\/\/mbc.xpress1.linuxpl.info\/wp-content\/uploads\/2019\/12\/msza-300x117.png\" alt=\"Msza\" width=\"300\" height=\"117\" srcset=\"https:\/\/pmbc.legnica.pl\/wp-content\/uploads\/2019\/12\/msza-300x117.png 300w, https:\/\/pmbc.legnica.pl\/wp-content\/uploads\/2019\/12\/msza.png 481w\" sizes=\"auto, (max-width: 300px) 100vw, 300px\" \/><\/p>\n<div class=\"clear\"><\/div><hr class=\"swm_gap\" style=\"margin:10px 0 0 0;\"><strong>Eucharystia w niedziele:<\/strong><br \/>\nLegnica: 8<sup>00<\/sup>, 11<sup>30<\/sup>, 13<sup>00<\/sup>, 18<sup>00<\/sup><br \/>\nNowa Wie\u015b Legnicka: 10<sup>00<\/sup><\/p>\n<p><strong>Eucharystia w dni powszednie:<\/strong><br \/>\nLegnica: 18<sup>00<\/sup><br \/>\nNowa Wie\u015b Legnicka: pi\u0105tek 17<sup>00<\/sup><\/div><\/div><div data-id=\"closed\" class=\"toggle_box_accordion\"><span class=\"toggle_box_title_accordion\"><span class=\"title_icon\"><i class=\"fa fa-user\"><\/i><\/span><span class=\"title_text \">Kancelaria parafialna<i class=\"fa fa-plus-square-o openclose\"><\/i><i class=\"fa fa-minus-square-o openclose\"><\/i><\/span><\/span><div class=\"toggle_box_inner\">Czynna we wtorek, czwartek po Mszy \u015bw. (w zachrystii)<\/div><\/div><div data-id=\"closed\" class=\"toggle_box_accordion\"><span class=\"toggle_box_title_accordion\"><span class=\"title_icon\"><i class=\"fa fa-user\"><\/i><\/span><span class=\"title_text \">Kancelaria parafialna<i class=\"fa fa-plus-square-o openclose\"><\/i><i class=\"fa fa-minus-square-o openclose\"><\/i><\/span><\/span><div class=\"toggle_box_inner\">Czynna we wtorek, czwartek po Mszy \u015bw. (w zachrystii)<\/div><\/div><div data-id=\"closed\" class=\"toggle_box_accordion\"><span class=\"toggle_box_title_accordion\"><span class=\"title_icon\"><i class=\"fa fa-home\"><\/i><\/span><span class=\"title_text \">Lokalizacja<i class=\"fa fa-plus-square-o openclose\"><\/i><i class=\"fa fa-minus-square-o openclose\"><\/i><\/span><\/span><div class=\"toggle_box_inner\">\n<p style=\"text-align: left;\"><strong>Parafia pw. Matki Bo\u017cej Cz\u0119stochowskiej<\/strong><br \/>\nul.Tulipanowa 1a<br \/>\n59-220 Legnica<\/div><\/div><div data-id=\"closed\" class=\"toggle_box_accordion\"><span class=\"toggle_box_title_accordion\"><span class=\"title_icon\"><i class=\"fa fa-book\"><\/i><\/span><span class=\"title_text \">Kr\u0105g biblijny<i class=\"fa fa-plus-square-o openclose\"><\/i><i class=\"fa fa-minus-square-o openclose\"><\/i><\/span><\/span><div class=\"toggle_box_inner\">\n<div class=\"o9v6fnle cxmmr5t8 oygrvhab hcukyx3x c1et5uql ii04i59q\">\n<div dir=\"auto\">Tych, kt\u00f3rym brakuje wsp\u00f3lnotowego rozwa\u017cania S\u0142owa Bo\u017cego zapraszam na Kr\u0105g Biblijny.<\/div>\n<div dir=\"auto\"><strong>Kr\u0105g Biblijny dla doros\u0142ych online: \u015broda, godz. 21:00.<\/strong><\/div>\n<\/div>\n<div dir=\"auto\"><\/div>\n<\/div><\/div><\/div><\/div>[\/vc_column][\/vc_row]\n","protected":false},"excerpt":{"rendered":"<p>[vc_row][vc_column width=&#8221;2\/3&#8243;][\/vc_column][vc_column css_animation=&#8221;bounceIn&#8221; width=&#8221;1\/3&#8243;][\/vc_column][\/vc_row]<\/p>\n","protected":false},"author":1,"featured_media":0,"parent":0,"menu_order":0,"comment_status":"closed","ping_status":"closed","template":"","meta":{"give_campaign_id":0,"_monsterinsights_skip_tracking":false,"_monsterinsights_sitenote_active":false,"_monsterinsights_sitenote_note":"","_monsterinsights_sitenote_category":0,"footnotes":""},"class_list":["post-1001","page","type-page","status-publish","hentry"],"campaignId":"","_links":{"self":[{"href":"https:\/\/pmbc.legnica.pl\/index.php?rest_route=\/wp\/v2\/pages\/1001","targetHints":{"allow":["GET"]}}],"collection":[{"href":"https:\/\/pmbc.legnica.pl\/index.php?rest_route=\/wp\/v2\/pages"}],"about":[{"href":"https:\/\/pmbc.legnica.pl\/index.php?rest_route=\/wp\/v2\/types\/page"}],"author":[{"embeddable":true,"href":"https:\/\/pmbc.legnica.pl\/index.php?rest_route=\/wp\/v2\/users\/1"}],"replies":[{"embeddable":true,"href":"https:\/\/pmbc.legnica.pl\/index.php?rest_route=%2Fwp%2Fv2%2Fcomments&post=1001"}],"version-history":[{"count":1108,"href":"https:\/\/pmbc.legnica.pl\/index.php?rest_route=\/wp\/v2\/pages\/1001\/revisions"}],"predecessor-version":[{"id":4203,"href":"https:\/\/pmbc.legnica.pl\/index.php?rest_route=\/wp\/v2\/pages\/1001\/revisions\/4203"}],"wp:attachment":[{"href":"https:\/\/pmbc.legnica.pl\/index.php?rest_route=%2Fwp%2Fv2%2Fmedia&parent=1001"}],"curies":[{"name":"wp","href":"https:\/\/api.w.org\/{rel}","templated":true}]}}